{"id":376,"date":"2016-03-07T19:44:22","date_gmt":"2016-03-07T19:44:22","guid":{"rendered":"http:\/\/demo06.houzez.co\/?post_type=property&#038;p=376"},"modified":"2020-08-03T21:32:52","modified_gmt":"2020-08-03T21:32:52","slug":"perla-del-mar-marbella","status":"publish","type":"property","link":"https:\/\/www.casascaldare.com\/index.php\/property\/perla-del-mar-marbella\/","title":{"rendered":"PERLA DEL MAR MARBELLA"},"content":{"rendered":"<div class=\"page\" title=\"P\u00e1gina 1\">\n<div class=\"layoutArea\">\n<div class=\"column\">\n<p><span>Esta villa es una sinergia perfecta entre las caracter\u00edsticas de estilo contempor\u00e1neo y t\u00edpico andaluz.\u00a0Combina materiales de alta calidad e instalaciones f\u00e1ciles de usar con algunos detalles encantadores y c\u00e1lidos.\u00a0La parcela se divide en tres niveles diferentes, mientras que la parte principal de vida y entretenimiento se encuentra en la parte superior, asegurando la privacidad y las vistas panor\u00e1micas, en un jard\u00edn paisajista tropical.<\/span><\/p>\n<p><span>La entrada de la parcela es desde el nivel inferior de la calle, Avenida Concha Nacar.\u00a0Ya sea en autom\u00f3vil a trav\u00e9s de una puerta autom\u00e1tica al garaje en el s\u00f3tano o por una entrada peatonal separada que accede a la parcela con escalones que conducen al nivel m\u00e1s alto de la villa.\u00a0Desde el garaje se puede llegar al nivel superior por una escalera cubierta, que conduce a la puerta principal.\u00a0La entrada de la villa conduce a trav\u00e9s de un pasillo corto a la impresionante \u00e1rea del patio: un espacio abierto doble alto, cubierto con una espectacular lumbrera de vidrio e iluminaci\u00f3n LED.\u00a0Alrededor del patio, se ubican todos los espacios secundarios, como el ba\u00f1o de invitados, el almacenamiento, el armario, el dormitorio con ba\u00f1o separado y una oficina que se puede convertir f\u00e1cilmente en un dormitorio.\u00a0El piso de la parte central del patio est\u00e1 terminado con un encantador pavimento romano con en el medio un enorme cacao.<\/span><\/p>\n<p><span>Los marcos de las puertas de acero delgado con vidrio conectan el \u00e1rea del patio con la sala de estar;\u00a0Un dise\u00f1o de planta abierta, que combina sal\u00f3n, comedor y cocina.\u00a0La espaciosa cocina de la isla est\u00e1 terminada con una encimera Dekton y totalmente equipada con electrodom\u00e9sticos de calidad.\u00a0El \u00e1rea del sal\u00f3n est\u00e1 decorada con una chimenea de gas de dos lados, terminada con piedra natural, integrada en un elemento que cubre la pared con un televisor empotrado de 65 pulgadas.\u00a0La sala de estar se conecta con el \u00e1rea de la piscina exterior mediante enormes ventanas de vidrio y puertas corredizas, desde el piso hasta el techo.\u00a0Fuera del sal\u00f3n, est\u00e1 la zona del sal\u00f3n, cubierta con una p\u00e9rgola de acero.\u00a0Al otro lado de la piscina est\u00e1 el comedor exterior con un bar cubierto.\u00a0De interior a exterior, realizados con los mismos floortiles cer\u00e1micos de 90 x 90 cm, todo en un nivel y con espectaculares vistas panor\u00e1micas al mar Mediterr\u00e1neo.<\/span><\/p>\n<p><span>El primer piso da acceso a la suite principal, dos dormitorios m\u00e1s con ba\u00f1o compartido y el lavadero.\u00a0El dormitorio principal tiene su ba\u00f1o de estilo boutique dividido con vidrio.\u00a0El dormitorio principal y el ba\u00f1o ofrecen una de las caracter\u00edsticas m\u00e1s sorprendentes de la villa, las impresionantes vistas sobre el Mediterr\u00e1neo.\u00a0Desde aqu\u00ed tambi\u00e9n puede acceder a la terraza superior, con vistas al jard\u00edn.<\/span><\/p>\n<\/div>\n<\/div>\n<\/div>\n<div class=\"page\" title=\"P\u00e1gina 2\">\n<div class=\"layoutArea\">\n<div class=\"column\">\n<p><span>El s\u00f3tano cubre un espacio \u00fatil total de 71 m2 con un garaje para al menos dos autom\u00f3viles, una sala t\u00e9cnica, espacio de almacenamiento y la escalera a la villa.<\/span><\/p>\n<p><span>Las caracter\u00edsticas de esta villa llave en mano incluyen multizona, aire acondicionado fr\u00edo \/ calor, calefacci\u00f3n por suelo radiante en las \u00e1reas principales de la planta baja y todos los ba\u00f1os, un sistema de audio Sonos multisala, un sistema de alarma e iluminaci\u00f3n interior y exterior.\u00a0La villa est\u00e1 completamente decorada con interiores de dise\u00f1o, una hermosa combinaci\u00f3n de piezas modernas, alfombras c\u00e1lidas, mesas de \u00e1rboles y decoraciones elegantes.<\/span><\/p>\n<p><span>Perla del Mar es verdaderamente \u00fanica en su tipo;\u00a0Tiene algunas caracter\u00edsticas aut\u00e9nticas y encantadoras, pero ofrece todo lo que pueda desear en comodidad y materiales y productos de alta calidad, en una de las mejores parcelas en la playa de Elviria.<\/span><\/p>\n<\/div>\n<\/div>\n<\/div>\n","protected":false},"excerpt":{"rendered":"<p>Esta villa es una sinergia perfecta entre las caracter\u00edsticas de estilo contempor\u00e1neo y t\u00edpico andaluz.\u00a0Combina materiales de alta calidad e instalaciones f\u00e1ciles de usar con algunos detalles encantadores y c\u00e1lidos.\u00a0La parcela se divide en tres niveles diferentes, mientras que la parte principal de vida y entretenimiento se encuentra en la parte superior, asegurando la privacidad [&hellip;]<\/p>\n","protected":false},"author":1,"featured_media":2348,"parent":0,"menu_order":0,"template":"","property_type":[54],"property_status":[61],"property_feature":[81,66,64,84,63,62,74,72,73,67,71,69,68,48,85,52,65,86,79,56],"property_label":[],"property_country":[75],"property_state":[82],"property_city":[83],"property_area":[],"class_list":["post-376","property","type-property","status-publish","has-post-thumbnail","hentry","property_type-villa","property_status-venta","property_feature-almacen","property_feature-amueblado","property_feature-armarios-empotrado","property_feature-barbacoa","property_feature-bomba-de-aire-acondicionado-y-calor","property_feature-esterior","property_feature-garajes","property_feature-jardin","property_feature-lavanderia","property_feature-microonda","property_feature-patio","property_feature-piscina-privado","property_feature-puerta-forjado-blindada","property_feature-sauna","property_feature-seguridad","property_feature-tv-cable","property_feature-ventanas-climalit","property_feature-vigilancia-24-h","property_feature-vista-al-mar","property_feature-wifi","property_country-espana","property_state-marbella","property_city-marbella"],"property_meta":{"fave_currency_info":[""],"fave_property_agency":["-1"],"fave_single_top_area":["v4"],"fave_single_content_area":["global"],"rs_page_bg_color":[""],"houzez_manual_expire":["0"],"_houzez_expiration_date_status":["saved"],"houzez_geolocation_lat":["41.6460993"],"houzez_geolocation_long":["-87.6313246"],"slide_template":[""],"_vc_post_settings":["a:1:{s:10:\"vc_grid_id\";a:0:{}}","a:1:{s:10:\"vc_grid_id\";a:0:{}}","a:1:{s:10:\"vc_grid_id\";a:0:{}}","a:1:{s:10:\"vc_grid_id\";a:0:{}}","a:1:{s:10:\"vc_grid_id\";a:0:{}}","a:1:{s:10:\"vc_grid_id\";a:0:{}}","a:1:{s:10:\"vc_grid_id\";a:0:{}}","a:1:{s:10:\"vc_grid_id\";a:0:{}}","a:1:{s:10:\"vc_grid_id\";a:0:{}}","a:1:{s:10:\"vc_grid_id\";a:0:{}}","a:1:{s:10:\"vc_grid_id\";a:0:{}}","a:1:{s:10:\"vc_grid_id\";a:0:{}}","a:1:{s:10:\"vc_grid_id\";a:0:{}}","a:1:{s:10:\"vc_grid_id\";a:0:{}}","a:1:{s:10:\"vc_grid_id\";a:0:{}}","a:1:{s:10:\"vc_grid_id\";a:0:{}}","a:1:{s:10:\"vc_grid_id\";a:0:{}}","a:1:{s:10:\"vc_grid_id\";a:0:{}}","a:1:{s:10:\"vc_grid_id\";a:0:{}}"],"fave_property_size":["1,075"],"fave_property_size_prefix":["M2"],"fave_property_bedrooms":["5.5"],"fave_property_bathrooms":["3.5"],"fave_property_garage":["3"],"fave_property_year":["2020"],"fave_property_id":["Perla 1005"],"fave_property_price":["2.700.000"],"fave_property_map":["0"],"fave_property_map_address":["Perla Marbella"],"fave_property_location":["41.6460993,-87.6313246,14"],"fave_property_country":["US"],"fave_agents":["156"],"fave_additional_features_enable":["enable"],"fave_floor_plans_enable":["enable"],"fave_featured":["1"],"fave_property_address":["Marbella"],"fave_agent_display_option":["agent_info"],"fave_video_image":["84"],"fave_payment_status":["not_paid"],"fave_property_map_street_view":["hide"],"_dp_original":["373"],"houzez_total_property_views":["1447"],"houzez_views_by_date":["a:61:{s:10:\"08-07-2025\";i:1;s:10:\"08-08-2025\";i:1;s:10:\"08-14-2025\";i:1;s:10:\"08-16-2025\";i:1;s:10:\"08-24-2025\";i:1;s:10:\"08-26-2025\";i:1;s:10:\"08-28-2025\";i:1;s:10:\"09-03-2025\";i:1;s:10:\"09-06-2025\";i:1;s:10:\"09-11-2025\";i:1;s:10:\"09-12-2025\";i:1;s:10:\"09-17-2025\";i:1;s:10:\"09-19-2025\";i:1;s:10:\"09-26-2025\";i:1;s:10:\"09-27-2025\";i:1;s:10:\"10-04-2025\";i:1;s:10:\"10-07-2025\";i:1;s:10:\"10-15-2025\";i:1;s:10:\"10-19-2025\";i:1;s:10:\"10-22-2025\";i:1;s:10:\"10-29-2025\";i:1;s:10:\"10-31-2025\";i:1;s:10:\"11-06-2025\";i:1;s:10:\"11-07-2025\";i:1;s:10:\"11-14-2025\";i:1;s:10:\"11-22-2025\";i:1;s:10:\"12-01-2025\";i:2;s:10:\"12-04-2025\";i:2;s:10:\"12-07-2025\";i:1;s:10:\"12-13-2025\";i:1;s:10:\"12-14-2025\";i:1;s:10:\"12-21-2025\";i:1;s:10:\"12-23-2025\";i:2;s:10:\"12-24-2025\";i:1;s:10:\"12-31-2025\";i:1;s:10:\"01-01-2026\";i:2;s:10:\"01-08-2026\";i:1;s:10:\"01-13-2026\";i:1;s:10:\"01-15-2026\";i:1;s:10:\"01-23-2026\";i:1;s:10:\"01-30-2026\";i:1;s:10:\"01-31-2026\";i:1;s:10:\"02-06-2026\";i:1;s:10:\"02-11-2026\";i:1;s:10:\"02-14-2026\";i:2;s:10:\"02-19-2026\";i:1;s:10:\"02-21-2026\";i:1;s:10:\"02-26-2026\";i:1;s:10:\"03-01-2026\";i:1;s:10:\"03-02-2026\";i:1;s:10:\"03-09-2026\";i:1;s:10:\"03-16-2026\";i:1;s:10:\"03-17-2026\";i:1;s:10:\"03-22-2026\";i:1;s:10:\"03-24-2026\";i:1;s:10:\"04-02-2026\";i:1;s:10:\"04-10-2026\";i:1;s:10:\"04-17-2026\";i:1;s:10:\"04-18-2026\";i:1;s:10:\"04-24-2026\";i:1;s:10:\"04-25-2026\";i:1;}"],"houzez_recently_viewed":["2026-04-25 14:52:42"],"_edit_lock":["1596490386:1"],"_edit_last":["1"],"_thumbnail_id":["2348"],"fave_property_land":["345"],"fave_property_images":["2348","2349","2350","2351","2352","2353","2354","2355","2356","2357","2358","2359","2360","2361","2362","2363","2364","2365","2366","2367","2368","2369","2370","2371","2372","2373","2374","2375","2376","2377","2378","2379","2380","2381","2382","2383","2384","2385","2386","2387","2388","2389","2391","2392","2390"]},"yoast_head":"<!-- This site is optimized with the Yoast SEO plugin v23.8 - https:\/\/yoast.com\/wordpress\/plugins\/seo\/ -->\n<title>PERLA DEL MAR MARBELLA - Viviendas Madrid \/ Marbella<\/title>\n<meta name=\"robots\" content=\"index, follow, max-snippet:-1, max-image-preview:large, max-video-preview:-1\" \/>\n<link rel=\"canonical\" href=\"https:\/\/www.casascaldare.com\/index.php\/property\/perla-del-mar-marbella\/\" \/>\n<meta property=\"og:locale\" content=\"es_ES\" \/>\n<meta property=\"og:type\" content=\"article\" \/>\n<meta property=\"og:title\" content=\"PERLA DEL MAR MARBELLA - Viviendas Madrid \/ Marbella\" \/>\n<meta property=\"og:description\" content=\"Esta villa es una sinergia perfecta entre las caracter\u00edsticas de estilo contempor\u00e1neo y t\u00edpico andaluz.\u00a0Combina materiales de alta calidad e instalaciones f\u00e1ciles de usar con algunos detalles encantadores y c\u00e1lidos.\u00a0La parcela se divide en tres niveles diferentes, mientras que la parte principal de vida y entretenimiento se encuentra en la parte superior, asegurando la privacidad [&hellip;]\" \/>\n<meta property=\"og:url\" content=\"https:\/\/www.casascaldare.com\/index.php\/property\/perla-del-mar-marbella\/\" \/>\n<meta property=\"og:site_name\" content=\"Viviendas Madrid \/ Marbella\" \/>\n<meta property=\"article:modified_time\" content=\"2020-08-03T21:32:52+00:00\" \/>\n<meta property=\"og:image\" content=\"https:\/\/www.casascaldare.com\/wp-content\/uploads\/2016\/03\/1-1.jpg\" \/>\n\t<meta property=\"og:image:width\" content=\"1920\" \/>\n\t<meta property=\"og:image:height\" content=\"1080\" \/>\n\t<meta property=\"og:image:type\" content=\"image\/jpeg\" \/>\n<meta name=\"twitter:card\" content=\"summary_large_image\" \/>\n<meta name=\"twitter:label1\" content=\"Tiempo de lectura\" \/>\n\t<meta name=\"twitter:data1\" content=\"3 minutos\" \/>\n<script type=\"application\/ld+json\" class=\"yoast-schema-graph\">{\"@context\":\"https:\/\/schema.org\",\"@graph\":[{\"@type\":\"WebPage\",\"@id\":\"https:\/\/www.casascaldare.com\/index.php\/property\/perla-del-mar-marbella\/\",\"url\":\"https:\/\/www.casascaldare.com\/index.php\/property\/perla-del-mar-marbella\/\",\"name\":\"PERLA DEL MAR MARBELLA - Viviendas Madrid \/ Marbella\",\"isPartOf\":{\"@id\":\"https:\/\/www.casascaldare.com\/#website\"},\"primaryImageOfPage\":{\"@id\":\"https:\/\/www.casascaldare.com\/index.php\/property\/perla-del-mar-marbella\/#primaryimage\"},\"image\":{\"@id\":\"https:\/\/www.casascaldare.com\/index.php\/property\/perla-del-mar-marbella\/#primaryimage\"},\"thumbnailUrl\":\"https:\/\/www.casascaldare.com\/wp-content\/uploads\/2016\/03\/1-1.jpg\",\"datePublished\":\"2016-03-07T19:44:22+00:00\",\"dateModified\":\"2020-08-03T21:32:52+00:00\",\"breadcrumb\":{\"@id\":\"https:\/\/www.casascaldare.com\/index.php\/property\/perla-del-mar-marbella\/#breadcrumb\"},\"inLanguage\":\"es\",\"potentialAction\":[{\"@type\":\"ReadAction\",\"target\":[\"https:\/\/www.casascaldare.com\/index.php\/property\/perla-del-mar-marbella\/\"]}]},{\"@type\":\"ImageObject\",\"inLanguage\":\"es\",\"@id\":\"https:\/\/www.casascaldare.com\/index.php\/property\/perla-del-mar-marbella\/#primaryimage\",\"url\":\"https:\/\/www.casascaldare.com\/wp-content\/uploads\/2016\/03\/1-1.jpg\",\"contentUrl\":\"https:\/\/www.casascaldare.com\/wp-content\/uploads\/2016\/03\/1-1.jpg\",\"width\":1920,\"height\":1080},{\"@type\":\"BreadcrumbList\",\"@id\":\"https:\/\/www.casascaldare.com\/index.php\/property\/perla-del-mar-marbella\/#breadcrumb\",\"itemListElement\":[{\"@type\":\"ListItem\",\"position\":1,\"name\":\"Portada\",\"item\":\"https:\/\/www.casascaldare.com\/\"},{\"@type\":\"ListItem\",\"position\":2,\"name\":\"Propiedades\",\"item\":\"https:\/\/www.casascaldare.com\/index.php\/property\/\"},{\"@type\":\"ListItem\",\"position\":3,\"name\":\"PERLA DEL MAR MARBELLA\"}]},{\"@type\":\"WebSite\",\"@id\":\"https:\/\/www.casascaldare.com\/#website\",\"url\":\"https:\/\/www.casascaldare.com\/\",\"name\":\"Viviendas Madrid \/ Marbella\",\"description\":\"Casascaldare\",\"potentialAction\":[{\"@type\":\"SearchAction\",\"target\":{\"@type\":\"EntryPoint\",\"urlTemplate\":\"https:\/\/www.casascaldare.com\/?s={search_term_string}\"},\"query-input\":{\"@type\":\"PropertyValueSpecification\",\"valueRequired\":true,\"valueName\":\"search_term_string\"}}],\"inLanguage\":\"es\"}]}<\/script>\n<!-- \/ Yoast SEO plugin. -->","yoast_head_json":{"title":"PERLA DEL MAR MARBELLA - Viviendas Madrid \/ Marbella","robots":{"index":"index","follow":"follow","max-snippet":"max-snippet:-1","max-image-preview":"max-image-preview:large","max-video-preview":"max-video-preview:-1"},"canonical":"https:\/\/www.casascaldare.com\/index.php\/property\/perla-del-mar-marbella\/","og_locale":"es_ES","og_type":"article","og_title":"PERLA DEL MAR MARBELLA - Viviendas Madrid \/ Marbella","og_description":"Esta villa es una sinergia perfecta entre las caracter\u00edsticas de estilo contempor\u00e1neo y t\u00edpico andaluz.\u00a0Combina materiales de alta calidad e instalaciones f\u00e1ciles de usar con algunos detalles encantadores y c\u00e1lidos.\u00a0La parcela se divide en tres niveles diferentes, mientras que la parte principal de vida y entretenimiento se encuentra en la parte superior, asegurando la privacidad [&hellip;]","og_url":"https:\/\/www.casascaldare.com\/index.php\/property\/perla-del-mar-marbella\/","og_site_name":"Viviendas Madrid \/ Marbella","article_modified_time":"2020-08-03T21:32:52+00:00","og_image":[{"width":1920,"height":1080,"url":"https:\/\/www.casascaldare.com\/wp-content\/uploads\/2016\/03\/1-1.jpg","type":"image\/jpeg"}],"twitter_card":"summary_large_image","twitter_misc":{"Tiempo de lectura":"3 minutos"},"schema":{"@context":"https:\/\/schema.org","@graph":[{"@type":"WebPage","@id":"https:\/\/www.casascaldare.com\/index.php\/property\/perla-del-mar-marbella\/","url":"https:\/\/www.casascaldare.com\/index.php\/property\/perla-del-mar-marbella\/","name":"PERLA DEL MAR MARBELLA - Viviendas Madrid \/ Marbella","isPartOf":{"@id":"https:\/\/www.casascaldare.com\/#website"},"primaryImageOfPage":{"@id":"https:\/\/www.casascaldare.com\/index.php\/property\/perla-del-mar-marbella\/#primaryimage"},"image":{"@id":"https:\/\/www.casascaldare.com\/index.php\/property\/perla-del-mar-marbella\/#primaryimage"},"thumbnailUrl":"https:\/\/www.casascaldare.com\/wp-content\/uploads\/2016\/03\/1-1.jpg","datePublished":"2016-03-07T19:44:22+00:00","dateModified":"2020-08-03T21:32:52+00:00","breadcrumb":{"@id":"https:\/\/www.casascaldare.com\/index.php\/property\/perla-del-mar-marbella\/#breadcrumb"},"inLanguage":"es","potentialAction":[{"@type":"ReadAction","target":["https:\/\/www.casascaldare.com\/index.php\/property\/perla-del-mar-marbella\/"]}]},{"@type":"ImageObject","inLanguage":"es","@id":"https:\/\/www.casascaldare.com\/index.php\/property\/perla-del-mar-marbella\/#primaryimage","url":"https:\/\/www.casascaldare.com\/wp-content\/uploads\/2016\/03\/1-1.jpg","contentUrl":"https:\/\/www.casascaldare.com\/wp-content\/uploads\/2016\/03\/1-1.jpg","width":1920,"height":1080},{"@type":"BreadcrumbList","@id":"https:\/\/www.casascaldare.com\/index.php\/property\/perla-del-mar-marbella\/#breadcrumb","itemListElement":[{"@type":"ListItem","position":1,"name":"Portada","item":"https:\/\/www.casascaldare.com\/"},{"@type":"ListItem","position":2,"name":"Propiedades","item":"https:\/\/www.casascaldare.com\/index.php\/property\/"},{"@type":"ListItem","position":3,"name":"PERLA DEL MAR MARBELLA"}]},{"@type":"WebSite","@id":"https:\/\/www.casascaldare.com\/#website","url":"https:\/\/www.casascaldare.com\/","name":"Viviendas Madrid \/ Marbella","description":"Casascaldare","potentialAction":[{"@type":"SearchAction","target":{"@type":"EntryPoint","urlTemplate":"https:\/\/www.casascaldare.com\/?s={search_term_string}"},"query-input":{"@type":"PropertyValueSpecification","valueRequired":true,"valueName":"search_term_string"}}],"inLanguage":"es"}]}},"_links":{"self":[{"href":"https:\/\/www.casascaldare.com\/index.php\/wp-json\/wp\/v2\/properties\/376","targetHints":{"allow":["GET"]}}],"collection":[{"href":"https:\/\/www.casascaldare.com\/index.php\/wp-json\/wp\/v2\/properties"}],"about":[{"href":"https:\/\/www.casascaldare.com\/index.php\/wp-json\/wp\/v2\/types\/property"}],"author":[{"embeddable":true,"href":"https:\/\/www.casascaldare.com\/index.php\/wp-json\/wp\/v2\/users\/1"}],"version-history":[{"count":2,"href":"https:\/\/www.casascaldare.com\/index.php\/wp-json\/wp\/v2\/properties\/376\/revisions"}],"predecessor-version":[{"id":2393,"href":"https:\/\/www.casascaldare.com\/index.php\/wp-json\/wp\/v2\/properties\/376\/revisions\/2393"}],"wp:featuredmedia":[{"embeddable":true,"href":"https:\/\/www.casascaldare.com\/index.php\/wp-json\/wp\/v2\/media\/2348"}],"wp:attachment":[{"href":"https:\/\/www.casascaldare.com\/index.php\/wp-json\/wp\/v2\/media?parent=376"}],"wp:term":[{"taxonomy":"property_type","embeddable":true,"href":"https:\/\/www.casascaldare.com\/index.php\/wp-json\/wp\/v2\/property_type?post=376"},{"taxonomy":"property_status","embeddable":true,"href":"https:\/\/www.casascaldare.com\/index.php\/wp-json\/wp\/v2\/property_status?post=376"},{"taxonomy":"property_feature","embeddable":true,"href":"https:\/\/www.casascaldare.com\/index.php\/wp-json\/wp\/v2\/property_feature?post=376"},{"taxonomy":"property_label","embeddable":true,"href":"https:\/\/www.casascaldare.com\/index.php\/wp-json\/wp\/v2\/property_label?post=376"},{"taxonomy":"property_country","embeddable":true,"href":"https:\/\/www.casascaldare.com\/index.php\/wp-json\/wp\/v2\/property_country?post=376"},{"taxonomy":"property_state","embeddable":true,"href":"https:\/\/www.casascaldare.com\/index.php\/wp-json\/wp\/v2\/property_state?post=376"},{"taxonomy":"property_city","embeddable":true,"href":"https:\/\/www.casascaldare.com\/index.php\/wp-json\/wp\/v2\/property_city?post=376"},{"taxonomy":"property_area","embeddable":true,"href":"https:\/\/www.casascaldare.com\/index.php\/wp-json\/wp\/v2\/property_area?post=376"}],"curies":[{"name":"wp","href":"https:\/\/api.w.org\/{rel}","templated":true}]}}