{"id":2705,"date":"2020-09-23T06:56:36","date_gmt":"2020-09-23T06:56:36","guid":{"rendered":"https:\/\/www.casascaldare.com\/?post_type=property&#038;p=2705"},"modified":"2020-09-23T06:59:11","modified_gmt":"2020-09-23T06:59:11","slug":"piso-plaza-mayor-parque-oeste","status":"publish","type":"property","link":"https:\/\/www.casascaldare.com\/index.php\/property\/piso-plaza-mayor-parque-oeste\/","title":{"rendered":"Piso Plaza Mayor \/ Parque Oeste"},"content":{"rendered":"\n<p><strong>Casascaldare.&nbsp;VENDIDO. Excelente piso en Parque Mayor con reformado de calidad. El piso consta de 92 m. 3 Habitaciones. 1 Ba\u00f1o completo, Sal\u00f3n de 21 metros cuadrados, aire acondicionado con bomba de calor en el sal\u00f3n, v\u00eddeo portero, conserjes 24h. Terraza cerrada de climalit, ventanas de climalit, 2 piscinas, calefacci\u00f3n central, agua fr\u00eda entra en la comunidad, la caliente hay contador, lavadero en la cocina con puertas de climalit. 2 parques infantiles, zona peatonal, zonas ajardinadas, muy cerca de todos los servicios (colegios, centro de salud, guarder\u00edas, gimnasios, supermercados, bus, etc). <\/strong>  <strong>VENDIDO <\/strong><\/p>\n","protected":false},"excerpt":{"rendered":"<p>Casascaldare.&nbsp;VENDIDO. Excelente piso en Parque Mayor con reformado de calidad. El piso consta de 92 m. 3 Habitaciones. 1 Ba\u00f1o completo, Sal\u00f3n de 21 metros cuadrados, aire acondicionado con bomba de calor en el sal\u00f3n, v\u00eddeo portero, conserjes 24h. Terraza cerrada de climalit, ventanas de climalit, 2 piscinas, calefacci\u00f3n central, agua fr\u00eda entra en la [&hellip;]<\/p>\n","protected":false},"author":1,"featured_media":2723,"parent":0,"menu_order":0,"template":"","property_type":[78],"property_status":[102],"property_feature":[64,87,63,96,74,92,67,70,68,52,65],"property_label":[],"property_country":[75],"property_state":[97],"property_city":[98],"property_area":[15],"class_list":["post-2705","property","type-property","status-publish","has-post-thumbnail","hentry","property_type-piso","property_status-vendido","property_feature-armarios-empotrado","property_feature-ascensor","property_feature-bomba-de-aire-acondicionado-y-calor","property_feature-exterior","property_feature-garajes","property_feature-jardines","property_feature-microonda","property_feature-piscina-comunidad","property_feature-puerta-forjado-blindada","property_feature-tv-cable","property_feature-ventanas-climalit","property_country-espana","property_state-alcorcon","property_city-alcoron","property_area-alcorcon"],"property_meta":{"_edit_lock":["1600844355:1"],"_thumbnail_id":["2723"],"_edit_last":["1"],"fave_property_price":["221000"],"fave_property_size":["92"],"fave_property_bedrooms":["3"],"fave_property_garage":["1"],"fave_property_year":["1975"],"fave_property_id":["ALCORCON OESTE"],"fave_property_map":["1"],"fave_property_map_address":["avenida del oeste Alcorc\u00f3n Madrid"],"fave_property_location":["25.68654,-80.431345,15"],"houzez_geolocation_lat":["25.68654"],"houzez_geolocation_long":["-80.431345"],"fave_property_map_street_view":["show"],"fave_featured":["0"],"fave_loggedintoview":["0"],"fave_agent_display_option":["agent_info"],"fave_agents":["156"],"fave_property_agency":["-1"],"fave_prop_homeslider":["no"],"fave_single_top_area":["v4"],"fave_single_content_area":["global"],"slide_template":[""],"rs_page_bg_color":[""],"_yoast_wpseo_primary_property_type":["78"],"_yoast_wpseo_primary_property_status":["102"],"_yoast_wpseo_primary_property_feature":["64"],"_yoast_wpseo_primary_property_country":["75"],"_yoast_wpseo_primary_property_state":["97"],"_yoast_wpseo_primary_property_city":["98"],"_yoast_wpseo_primary_property_area":["15"],"houzez_manual_expire":["0"],"_houzez_expiration_date_status":["saved"],"_yoast_wpseo_content_score":["60"],"houzez_total_property_views":["394"],"houzez_views_by_date":["a:61:{s:10:\"07-05-2025\";i:1;s:10:\"07-15-2025\";i:1;s:10:\"07-16-2025\";i:1;s:10:\"07-26-2025\";i:1;s:10:\"08-02-2025\";i:1;s:10:\"08-13-2025\";i:2;s:10:\"08-24-2025\";i:1;s:10:\"08-27-2025\";i:1;s:10:\"08-30-2025\";i:1;s:10:\"09-04-2025\";i:1;s:10:\"09-12-2025\";i:1;s:10:\"09-13-2025\";i:1;s:10:\"09-21-2025\";i:1;s:10:\"10-01-2025\";i:2;s:10:\"10-02-2025\";i:1;s:10:\"10-09-2025\";i:1;s:10:\"10-10-2025\";i:1;s:10:\"10-17-2025\";i:1;s:10:\"10-19-2025\";i:1;s:10:\"10-24-2025\";i:1;s:10:\"10-29-2025\";i:1;s:10:\"11-04-2025\";i:1;s:10:\"11-06-2025\";i:1;s:10:\"11-13-2025\";i:1;s:10:\"11-15-2025\";i:1;s:10:\"11-24-2025\";i:1;s:10:\"11-27-2025\";i:1;s:10:\"12-01-2025\";i:1;s:10:\"12-04-2025\";i:2;s:10:\"12-07-2025\";i:1;s:10:\"12-14-2025\";i:1;s:10:\"12-21-2025\";i:1;s:10:\"12-23-2025\";i:1;s:10:\"12-24-2025\";i:1;s:10:\"12-25-2025\";i:1;s:10:\"12-26-2025\";i:1;s:10:\"01-02-2026\";i:1;s:10:\"01-03-2026\";i:1;s:10:\"01-09-2026\";i:1;s:10:\"01-17-2026\";i:1;s:10:\"01-24-2026\";i:1;s:10:\"02-04-2026\";i:2;s:10:\"02-11-2026\";i:1;s:10:\"02-17-2026\";i:1;s:10:\"02-18-2026\";i:1;s:10:\"02-19-2026\";i:1;s:10:\"02-20-2026\";i:1;s:10:\"02-24-2026\";i:1;s:10:\"03-01-2026\";i:1;s:10:\"03-02-2026\";i:1;s:10:\"03-09-2026\";i:1;s:10:\"03-11-2026\";i:1;s:10:\"03-12-2026\";i:1;s:10:\"03-19-2026\";i:1;s:10:\"03-26-2026\";i:2;s:10:\"04-03-2026\";i:1;s:10:\"04-09-2026\";i:1;s:10:\"04-17-2026\";i:1;s:10:\"04-24-2026\";i:1;s:10:\"04-25-2026\";i:1;s:10:\"04-30-2026\";i:1;}"],"houzez_recently_viewed":["2026-04-30 11:27:49"],"fave_property_images":["2718","2721","2722","2717","2711","2710","2715","2713","2714","2723","2720","2719","2716"]},"yoast_head":"<!-- This site is optimized with the Yoast SEO plugin v23.8 - https:\/\/yoast.com\/wordpress\/plugins\/seo\/ -->\n<title>Piso Plaza Mayor \/ Parque Oeste - Viviendas Madrid \/ Marbella<\/title>\n<meta name=\"robots\" content=\"index, follow, max-snippet:-1, max-image-preview:large, max-video-preview:-1\" \/>\n<link rel=\"canonical\" href=\"https:\/\/www.casascaldare.com\/index.php\/property\/piso-plaza-mayor-parque-oeste\/\" \/>\n<meta property=\"og:locale\" content=\"es_ES\" \/>\n<meta property=\"og:type\" content=\"article\" \/>\n<meta property=\"og:title\" content=\"Piso Plaza Mayor \/ Parque Oeste - Viviendas Madrid \/ Marbella\" \/>\n<meta property=\"og:description\" content=\"Casascaldare.&nbsp;VENDIDO. Excelente piso en Parque Mayor con reformado de calidad. El piso consta de 92 m. 3 Habitaciones. 1 Ba\u00f1o completo, Sal\u00f3n de 21 metros cuadrados, aire acondicionado con bomba de calor en el sal\u00f3n, v\u00eddeo portero, conserjes 24h. Terraza cerrada de climalit, ventanas de climalit, 2 piscinas, calefacci\u00f3n central, agua fr\u00eda entra en la [&hellip;]\" \/>\n<meta property=\"og:url\" content=\"https:\/\/www.casascaldare.com\/index.php\/property\/piso-plaza-mayor-parque-oeste\/\" \/>\n<meta property=\"og:site_name\" content=\"Viviendas Madrid \/ Marbella\" \/>\n<meta property=\"article:modified_time\" content=\"2020-09-23T06:59:11+00:00\" \/>\n<meta property=\"og:image\" content=\"https:\/\/www.casascaldare.com\/wp-content\/uploads\/2020\/09\/20.jpeg\" \/>\n\t<meta property=\"og:image:width\" content=\"1600\" \/>\n\t<meta property=\"og:image:height\" content=\"1200\" \/>\n\t<meta property=\"og:image:type\" content=\"image\/jpeg\" \/>\n<meta name=\"twitter:card\" content=\"summary_large_image\" \/>\n<script type=\"application\/ld+json\" class=\"yoast-schema-graph\">{\"@context\":\"https:\/\/schema.org\",\"@graph\":[{\"@type\":\"WebPage\",\"@id\":\"https:\/\/www.casascaldare.com\/index.php\/property\/piso-plaza-mayor-parque-oeste\/\",\"url\":\"https:\/\/www.casascaldare.com\/index.php\/property\/piso-plaza-mayor-parque-oeste\/\",\"name\":\"Piso Plaza Mayor \/ Parque Oeste - Viviendas Madrid \/ Marbella\",\"isPartOf\":{\"@id\":\"https:\/\/www.casascaldare.com\/#website\"},\"primaryImageOfPage\":{\"@id\":\"https:\/\/www.casascaldare.com\/index.php\/property\/piso-plaza-mayor-parque-oeste\/#primaryimage\"},\"image\":{\"@id\":\"https:\/\/www.casascaldare.com\/index.php\/property\/piso-plaza-mayor-parque-oeste\/#primaryimage\"},\"thumbnailUrl\":\"https:\/\/www.casascaldare.com\/wp-content\/uploads\/2020\/09\/20.jpeg\",\"datePublished\":\"2020-09-23T06:56:36+00:00\",\"dateModified\":\"2020-09-23T06:59:11+00:00\",\"breadcrumb\":{\"@id\":\"https:\/\/www.casascaldare.com\/index.php\/property\/piso-plaza-mayor-parque-oeste\/#breadcrumb\"},\"inLanguage\":\"es\",\"potentialAction\":[{\"@type\":\"ReadAction\",\"target\":[\"https:\/\/www.casascaldare.com\/index.php\/property\/piso-plaza-mayor-parque-oeste\/\"]}]},{\"@type\":\"ImageObject\",\"inLanguage\":\"es\",\"@id\":\"https:\/\/www.casascaldare.com\/index.php\/property\/piso-plaza-mayor-parque-oeste\/#primaryimage\",\"url\":\"https:\/\/www.casascaldare.com\/wp-content\/uploads\/2020\/09\/20.jpeg\",\"contentUrl\":\"https:\/\/www.casascaldare.com\/wp-content\/uploads\/2020\/09\/20.jpeg\",\"width\":1600,\"height\":1200},{\"@type\":\"BreadcrumbList\",\"@id\":\"https:\/\/www.casascaldare.com\/index.php\/property\/piso-plaza-mayor-parque-oeste\/#breadcrumb\",\"itemListElement\":[{\"@type\":\"ListItem\",\"position\":1,\"name\":\"Portada\",\"item\":\"https:\/\/www.casascaldare.com\/\"},{\"@type\":\"ListItem\",\"position\":2,\"name\":\"Propiedades\",\"item\":\"https:\/\/www.casascaldare.com\/index.php\/property\/\"},{\"@type\":\"ListItem\",\"position\":3,\"name\":\"Piso Plaza Mayor \/ Parque Oeste\"}]},{\"@type\":\"WebSite\",\"@id\":\"https:\/\/www.casascaldare.com\/#website\",\"url\":\"https:\/\/www.casascaldare.com\/\",\"name\":\"Viviendas Madrid \/ Marbella\",\"description\":\"Casascaldare\",\"potentialAction\":[{\"@type\":\"SearchAction\",\"target\":{\"@type\":\"EntryPoint\",\"urlTemplate\":\"https:\/\/www.casascaldare.com\/?s={search_term_string}\"},\"query-input\":{\"@type\":\"PropertyValueSpecification\",\"valueRequired\":true,\"valueName\":\"search_term_string\"}}],\"inLanguage\":\"es\"}]}<\/script>\n<!-- \/ Yoast SEO plugin. -->","yoast_head_json":{"title":"Piso Plaza Mayor \/ Parque Oeste - Viviendas Madrid \/ Marbella","robots":{"index":"index","follow":"follow","max-snippet":"max-snippet:-1","max-image-preview":"max-image-preview:large","max-video-preview":"max-video-preview:-1"},"canonical":"https:\/\/www.casascaldare.com\/index.php\/property\/piso-plaza-mayor-parque-oeste\/","og_locale":"es_ES","og_type":"article","og_title":"Piso Plaza Mayor \/ Parque Oeste - Viviendas Madrid \/ Marbella","og_description":"Casascaldare.&nbsp;VENDIDO. Excelente piso en Parque Mayor con reformado de calidad. El piso consta de 92 m. 3 Habitaciones. 1 Ba\u00f1o completo, Sal\u00f3n de 21 metros cuadrados, aire acondicionado con bomba de calor en el sal\u00f3n, v\u00eddeo portero, conserjes 24h. Terraza cerrada de climalit, ventanas de climalit, 2 piscinas, calefacci\u00f3n central, agua fr\u00eda entra en la [&hellip;]","og_url":"https:\/\/www.casascaldare.com\/index.php\/property\/piso-plaza-mayor-parque-oeste\/","og_site_name":"Viviendas Madrid \/ Marbella","article_modified_time":"2020-09-23T06:59:11+00:00","og_image":[{"width":1600,"height":1200,"url":"https:\/\/www.casascaldare.com\/wp-content\/uploads\/2020\/09\/20.jpeg","type":"image\/jpeg"}],"twitter_card":"summary_large_image","schema":{"@context":"https:\/\/schema.org","@graph":[{"@type":"WebPage","@id":"https:\/\/www.casascaldare.com\/index.php\/property\/piso-plaza-mayor-parque-oeste\/","url":"https:\/\/www.casascaldare.com\/index.php\/property\/piso-plaza-mayor-parque-oeste\/","name":"Piso Plaza Mayor \/ Parque Oeste - Viviendas Madrid \/ Marbella","isPartOf":{"@id":"https:\/\/www.casascaldare.com\/#website"},"primaryImageOfPage":{"@id":"https:\/\/www.casascaldare.com\/index.php\/property\/piso-plaza-mayor-parque-oeste\/#primaryimage"},"image":{"@id":"https:\/\/www.casascaldare.com\/index.php\/property\/piso-plaza-mayor-parque-oeste\/#primaryimage"},"thumbnailUrl":"https:\/\/www.casascaldare.com\/wp-content\/uploads\/2020\/09\/20.jpeg","datePublished":"2020-09-23T06:56:36+00:00","dateModified":"2020-09-23T06:59:11+00:00","breadcrumb":{"@id":"https:\/\/www.casascaldare.com\/index.php\/property\/piso-plaza-mayor-parque-oeste\/#breadcrumb"},"inLanguage":"es","potentialAction":[{"@type":"ReadAction","target":["https:\/\/www.casascaldare.com\/index.php\/property\/piso-plaza-mayor-parque-oeste\/"]}]},{"@type":"ImageObject","inLanguage":"es","@id":"https:\/\/www.casascaldare.com\/index.php\/property\/piso-plaza-mayor-parque-oeste\/#primaryimage","url":"https:\/\/www.casascaldare.com\/wp-content\/uploads\/2020\/09\/20.jpeg","contentUrl":"https:\/\/www.casascaldare.com\/wp-content\/uploads\/2020\/09\/20.jpeg","width":1600,"height":1200},{"@type":"BreadcrumbList","@id":"https:\/\/www.casascaldare.com\/index.php\/property\/piso-plaza-mayor-parque-oeste\/#breadcrumb","itemListElement":[{"@type":"ListItem","position":1,"name":"Portada","item":"https:\/\/www.casascaldare.com\/"},{"@type":"ListItem","position":2,"name":"Propiedades","item":"https:\/\/www.casascaldare.com\/index.php\/property\/"},{"@type":"ListItem","position":3,"name":"Piso Plaza Mayor \/ Parque Oeste"}]},{"@type":"WebSite","@id":"https:\/\/www.casascaldare.com\/#website","url":"https:\/\/www.casascaldare.com\/","name":"Viviendas Madrid \/ Marbella","description":"Casascaldare","potentialAction":[{"@type":"SearchAction","target":{"@type":"EntryPoint","urlTemplate":"https:\/\/www.casascaldare.com\/?s={search_term_string}"},"query-input":{"@type":"PropertyValueSpecification","valueRequired":true,"valueName":"search_term_string"}}],"inLanguage":"es"}]}},"_links":{"self":[{"href":"https:\/\/www.casascaldare.com\/index.php\/wp-json\/wp\/v2\/properties\/2705","targetHints":{"allow":["GET"]}}],"collection":[{"href":"https:\/\/www.casascaldare.com\/index.php\/wp-json\/wp\/v2\/properties"}],"about":[{"href":"https:\/\/www.casascaldare.com\/index.php\/wp-json\/wp\/v2\/types\/property"}],"author":[{"embeddable":true,"href":"https:\/\/www.casascaldare.com\/index.php\/wp-json\/wp\/v2\/users\/1"}],"version-history":[{"count":2,"href":"https:\/\/www.casascaldare.com\/index.php\/wp-json\/wp\/v2\/properties\/2705\/revisions"}],"predecessor-version":[{"id":2734,"href":"https:\/\/www.casascaldare.com\/index.php\/wp-json\/wp\/v2\/properties\/2705\/revisions\/2734"}],"wp:featuredmedia":[{"embeddable":true,"href":"https:\/\/www.casascaldare.com\/index.php\/wp-json\/wp\/v2\/media\/2723"}],"wp:attachment":[{"href":"https:\/\/www.casascaldare.com\/index.php\/wp-json\/wp\/v2\/media?parent=2705"}],"wp:term":[{"taxonomy":"property_type","embeddable":true,"href":"https:\/\/www.casascaldare.com\/index.php\/wp-json\/wp\/v2\/property_type?post=2705"},{"taxonomy":"property_status","embeddable":true,"href":"https:\/\/www.casascaldare.com\/index.php\/wp-json\/wp\/v2\/property_status?post=2705"},{"taxonomy":"property_feature","embeddable":true,"href":"https:\/\/www.casascaldare.com\/index.php\/wp-json\/wp\/v2\/property_feature?post=2705"},{"taxonomy":"property_label","embeddable":true,"href":"https:\/\/www.casascaldare.com\/index.php\/wp-json\/wp\/v2\/property_label?post=2705"},{"taxonomy":"property_country","embeddable":true,"href":"https:\/\/www.casascaldare.com\/index.php\/wp-json\/wp\/v2\/property_country?post=2705"},{"taxonomy":"property_state","embeddable":true,"href":"https:\/\/www.casascaldare.com\/index.php\/wp-json\/wp\/v2\/property_state?post=2705"},{"taxonomy":"property_city","embeddable":true,"href":"https:\/\/www.casascaldare.com\/index.php\/wp-json\/wp\/v2\/property_city?post=2705"},{"taxonomy":"property_area","embeddable":true,"href":"https:\/\/www.casascaldare.com\/index.php\/wp-json\/wp\/v2\/property_area?post=2705"}],"curies":[{"name":"wp","href":"https:\/\/api.w.org\/{rel}","templated":true}]}}